{"id":68,"date":"2025-05-05T11:48:35","date_gmt":"2025-05-05T09:48:35","guid":{"rendered":"https:\/\/cabinet-orthodontie-chartres.fr\/?page_id=68"},"modified":"2025-05-05T12:11:03","modified_gmt":"2025-05-05T10:11:03","slug":"bienvenue-au-cabinet-dorthodontie","status":"publish","type":"page","link":"https:\/\/cabinet-orthodontie-chartres.fr\/?page_id=68","title":{"rendered":"L\u2019orthodontie"},"content":{"rendered":"\t\t<div data-elementor-type=\"wp-page\" data-elementor-id=\"68\" class=\"elementor elementor-68\">\n\t\t\t\t<div class=\"elementor-element elementor-element-337e784 e-grid e-con-boxed e-con e-parent\" data-id=\"337e784\" data-element_type=\"container\">\n\t\t\t\t\t<div class=\"e-con-inner\">\n\t\t\t\t<div class=\"elementor-element elementor-element-97f5cda elementor-widget elementor-widget-image\" data-id=\"97f5cda\" data-element_type=\"widget\" data-widget_type=\"image.default\">\n\t\t\t\t<div class=\"elementor-widget-container\">\n\t\t\t\t\t\t\t\t\t\t\t\t\t\t\t<img fetchpriority=\"high\" decoding=\"async\" width=\"750\" height=\"501\" src=\"https:\/\/cabinet-orthodontie-chartres.fr\/wp-content\/uploads\/2025\/05\/501561-PHH1UX-881.jpg\" class=\"attachment-large size-large wp-image-86\" alt=\"\" srcset=\"https:\/\/cabinet-orthodontie-chartres.fr\/wp-content\/uploads\/2025\/05\/501561-PHH1UX-881.jpg 800w, https:\/\/cabinet-orthodontie-chartres.fr\/wp-content\/uploads\/2025\/05\/501561-PHH1UX-881-300x200.jpg 300w, https:\/\/cabinet-orthodontie-chartres.fr\/wp-content\/uploads\/2025\/05\/501561-PHH1UX-881-768x513.jpg 768w\" sizes=\"(max-width: 750px) 100vw, 750px\" \/>\t\t\t\t\t\t\t\t\t\t\t\t\t\t\t<\/div>\n\t\t\t\t<\/div>\n\t\t\t\t<div class=\"elementor-element elementor-element-d646d04 elementor-widget elementor-widget-text-editor\" data-id=\"d646d04\" data-element_type=\"widget\" data-widget_type=\"text-editor.default\">\n\t\t\t\t<div class=\"elementor-widget-container\">\n\t\t\t\t\t\t\t\t\t<h4><strong>Le traitement pr\u00e9coce chez le jeune enfant<\/strong><\/h4>\n<p>\u00a0<\/p>\n<p>Dans la plupart des cas, les traitements sont diff\u00e9r\u00e9s \u00e0 l\u2019adolescence, en l\u2019absence de dysmorphies squelettiques significatives. Mais il est important de consulter, d\u00e8s 5-6 ans, afin de s\u2019assurer que le visage et\u00a0<i>les<\/i>\u00a0m\u00e2choires de l\u2019enfant se d\u00e9veloppent favorablement.<br \/>Si l\u2019enfant pr\u00e9sente un gros d\u00e9calage entre les deux m\u00e2choires ou un probl\u00e8me de d\u00e9viation, il pourra b\u00e9n\u00e9ficier, d\u00e8s le plus jeune \u00e2ge, d\u2019une prise en charge rapide \u00e0 l\u2019aide d\u2019appareils fixes ou amovibles.<br \/>Nous assurer que le patient ait une bonne d\u00e9glutition et ventile bien par le nez est une de nos priorit\u00e9s. Avec le recours incontournable, dans certains cas, \u00e0 la r\u00e9\u00e9ducation neuro-musculaire.<br \/>De nombreuses consultations sont li\u00e9es \u00e0 la persistance de la succion digitale et aux cons\u00e9quences n\u00e9fastes sur les dents et les maxillaires.<\/p>\t\t\t\t\t\t\t\t<\/div>\n\t\t\t\t<\/div>\n\t\t\t\t\t<\/div>\n\t\t\t\t<\/div>\n\t\t<div class=\"elementor-element elementor-element-63e8bda e-grid e-con-boxed e-con e-parent\" data-id=\"63e8bda\" data-element_type=\"container\">\n\t\t\t\t\t<div class=\"e-con-inner\">\n\t\t\t\t<div class=\"elementor-element elementor-element-4266635 elementor-widget elementor-widget-text-editor\" data-id=\"4266635\" data-element_type=\"widget\" data-widget_type=\"text-editor.default\">\n\t\t\t\t<div class=\"elementor-widget-container\">\n\t\t\t\t\t\t\t\t\t<h4 class=\"wp-block-heading\">Le traitement de l\u2019adolescent<\/h4>\n<p>Le traitement multi-bagues chez l\u2019adolescent est une technique particuli\u00e8rement efficace pour am\u00e9liorer l\u2019occlusion dentaire. Avec le recours au cabinet \u00e0 des brackets de qualit\u00e9, qu\u2019ils soient en c\u00e9ramique, en m\u00e9tal et m\u00eame invisible (technique linguale).<br \/>C\u2019est \u00e0 l\u2019adolescence que la croissance est la plus active, ce qui permet d\u2019optimiser nos r\u00e9sultats.<\/p>\t\t\t\t\t\t\t\t<\/div>\n\t\t\t\t<\/div>\n\t\t\t\t<div class=\"elementor-element elementor-element-ae6c52b elementor-widget elementor-widget-image\" data-id=\"ae6c52b\" data-element_type=\"widget\" data-widget_type=\"image.default\">\n\t\t\t\t<div class=\"elementor-widget-container\">\n\t\t\t\t\t\t\t\t\t\t\t\t\t\t\t<img decoding=\"async\" width=\"750\" height=\"500\" src=\"https:\/\/cabinet-orthodontie-chartres.fr\/wp-content\/uploads\/2025\/05\/17845.jpg\" class=\"attachment-large size-large wp-image-85\" alt=\"\" srcset=\"https:\/\/cabinet-orthodontie-chartres.fr\/wp-content\/uploads\/2025\/05\/17845.jpg 800w, https:\/\/cabinet-orthodontie-chartres.fr\/wp-content\/uploads\/2025\/05\/17845-300x200.jpg 300w, https:\/\/cabinet-orthodontie-chartres.fr\/wp-content\/uploads\/2025\/05\/17845-768x512.jpg 768w\" sizes=\"(max-width: 750px) 100vw, 750px\" \/>\t\t\t\t\t\t\t\t\t\t\t\t\t\t\t<\/div>\n\t\t\t\t<\/div>\n\t\t\t\t\t<\/div>\n\t\t\t\t<\/div>\n\t\t<div class=\"elementor-element elementor-element-6dfe23b e-grid e-con-boxed e-con e-parent\" data-id=\"6dfe23b\" data-element_type=\"container\">\n\t\t\t\t\t<div class=\"e-con-inner\">\n\t\t\t\t<div class=\"elementor-element elementor-element-f60895f elementor-widget elementor-widget-image\" data-id=\"f60895f\" data-element_type=\"widget\" data-widget_type=\"image.default\">\n\t\t\t\t<div class=\"elementor-widget-container\">\n\t\t\t\t\t\t\t\t\t\t\t\t\t\t\t<img decoding=\"async\" width=\"750\" height=\"501\" src=\"https:\/\/cabinet-orthodontie-chartres.fr\/wp-content\/uploads\/2025\/05\/553208-PK37J6-453.jpg\" class=\"attachment-large size-large wp-image-87\" alt=\"\" srcset=\"https:\/\/cabinet-orthodontie-chartres.fr\/wp-content\/uploads\/2025\/05\/553208-PK37J6-453.jpg 800w, https:\/\/cabinet-orthodontie-chartres.fr\/wp-content\/uploads\/2025\/05\/553208-PK37J6-453-300x200.jpg 300w, https:\/\/cabinet-orthodontie-chartres.fr\/wp-content\/uploads\/2025\/05\/553208-PK37J6-453-768x513.jpg 768w\" sizes=\"(max-width: 750px) 100vw, 750px\" \/>\t\t\t\t\t\t\t\t\t\t\t\t\t\t\t<\/div>\n\t\t\t\t<\/div>\n\t\t\t\t<div class=\"elementor-element elementor-element-ea83b3b elementor-widget elementor-widget-text-editor\" data-id=\"ea83b3b\" data-element_type=\"widget\" data-widget_type=\"text-editor.default\">\n\t\t\t\t<div class=\"elementor-widget-container\">\n\t\t\t\t\t\t\t\t\t<div class=\"elementor-element elementor-element-46eb536 elementor-widget elementor-widget-heading\" data-id=\"46eb536\" data-element_type=\"widget\" data-widget_type=\"heading.default\">\n<div class=\"elementor-widget-container\">\n<h4 class=\"elementor-heading-title elementor-size-default\"><span style=\"color: #000000;\">L\u2019orthodontie chez l\u2019adulte<\/span><\/h4>\n<\/div>\n<\/div>\n<div class=\"elementor-element elementor-element-4c10285 elementor-widget elementor-widget-text-editor\" data-id=\"4c10285\" data-element_type=\"widget\" data-widget_type=\"text-editor.default\">\n<div class=\"elementor-widget-container\">\n<div class=\"elementor-text-editor elementor-clearfix\">\n<p><br \/>Les adultes qui consultent un orthodontiste pour r\u00e9aligner leurs dents le font g\u00e9n\u00e9ralement pour des raisons esth\u00e9tiques. L\u2019embellissement du sourire est une pr\u00e9occupation \u00e0 tout \u00e2ge.<br \/>Par chance, de nombreux probl\u00e8mes orthodontiques peuvent \u00eatre trait\u00e9s aussi facilement chez les adultes que chez les patients plus jeunes.<br \/>Une attention particuli\u00e8re sera port\u00e9e aux tissus de soutien des dents (gencive, os).<br \/>En l\u2019absence de croissance \u00e0 l\u2019\u00e2ge adulte, si un d\u00e9s\u00e9quilibre important existe entre la dimension des m\u00e2choires, une chirurgie \u00e0 l\u2019une ou l\u2019autre des m\u00e2choires peut \u00eatre indiqu\u00e9e afin d\u2019obtenir une bonne relation entre les dents du haut et celles du bas.<br \/>Dans certains cas, des traitements limit\u00e9s ou de \u201ccompromis\u201d, ne visant \u00e0 corriger que certains aspects d\u2019une malocclusion, peuvent \u00eatre envisag\u00e9s tout en permettant une am\u00e9lioration significative de la fonction et l\u2019esth\u00e9tique.<\/p>\n<\/div>\n<\/div>\n<\/div>\t\t\t\t\t\t\t\t<\/div>\n\t\t\t\t<\/div>\n\t\t\t\t\t<\/div>\n\t\t\t\t<\/div>\n\t\t<div class=\"elementor-element elementor-element-452b04e e-grid e-con-boxed e-con e-parent\" data-id=\"452b04e\" data-element_type=\"container\">\n\t\t\t\t\t<div class=\"e-con-inner\">\n\t\t\t\t<div class=\"elementor-element elementor-element-102cef7 elementor-widget elementor-widget-text-editor\" data-id=\"102cef7\" data-element_type=\"widget\" data-widget_type=\"text-editor.default\">\n\t\t\t\t<div class=\"elementor-widget-container\">\n\t\t\t\t\t\t\t\t\t<div class=\"elementor-element elementor-element-0ded93c elementor-widget elementor-widget-heading\" data-id=\"0ded93c\" data-element_type=\"widget\" data-widget_type=\"heading.default\">\n<div class=\"elementor-widget-container\">\n<h4 class=\"elementor-heading-title elementor-size-default\"><span style=\"color: #000000;\">Les pr\u00e9alables au traitement<\/span><\/h4>\n<\/div>\n<\/div>\n<div class=\"elementor-element elementor-element-2ab62c5 elementor-widget elementor-widget-text-editor\" data-id=\"2ab62c5\" data-element_type=\"widget\" data-widget_type=\"text-editor.default\">\n<div class=\"elementor-widget-container\">\n<div class=\"elementor-text-editor elementor-clearfix\">\n<p><br \/>Tout traitement orthodontique, que ce soit chez l\u2019enfant ou chez l\u2019adulte, ne peut s\u2019envisager que dans une bouche saine et propre. La ma\u00eetrise du brossage est un pr\u00e9alable indispensable.<br \/>Nous effectuons un bilan dentaire avant le d\u00e9but du traitement afin de s\u2019assurer qu\u2019il n\u2019existe ni carie, ni gingivite, ni d\u00e9chaussement des dents en \u00e9volution. Dans le cas contraire, ces troubles sont \u00e0 traiter avant le d\u00e9but du traitement orthodontique.<\/p>\n<\/div>\n<\/div>\n<\/div>\t\t\t\t\t\t\t\t<\/div>\n\t\t\t\t<\/div>\n\t\t\t\t<div class=\"elementor-element elementor-element-a25d13b elementor-widget elementor-widget-image\" data-id=\"a25d13b\" data-element_type=\"widget\" data-widget_type=\"image.default\">\n\t\t\t\t<div class=\"elementor-widget-container\">\n\t\t\t\t\t\t\t\t\t\t\t\t\t\t\t<img loading=\"lazy\" decoding=\"async\" width=\"750\" height=\"500\" src=\"https:\/\/cabinet-orthodontie-chartres.fr\/wp-content\/uploads\/2025\/05\/1047.jpg\" class=\"attachment-large size-large wp-image-84\" alt=\"\" srcset=\"https:\/\/cabinet-orthodontie-chartres.fr\/wp-content\/uploads\/2025\/05\/1047.jpg 800w, https:\/\/cabinet-orthodontie-chartres.fr\/wp-content\/uploads\/2025\/05\/1047-300x200.jpg 300w, https:\/\/cabinet-orthodontie-chartres.fr\/wp-content\/uploads\/2025\/05\/1047-768x512.jpg 768w\" sizes=\"(max-width: 750px) 100vw, 750px\" \/>\t\t\t\t\t\t\t\t\t\t\t\t\t\t\t<\/div>\n\t\t\t\t<\/div>\n\t\t\t\t\t<\/div>\n\t\t\t\t<\/div>\n\t\t<div class=\"elementor-element elementor-element-08b79f0 e-grid e-con-boxed e-con e-parent\" data-id=\"08b79f0\" data-element_type=\"container\">\n\t\t\t\t\t<div class=\"e-con-inner\">\n\t\t\t\t<div class=\"elementor-element elementor-element-7dd8a18 elementor-widget elementor-widget-image\" data-id=\"7dd8a18\" data-element_type=\"widget\" data-widget_type=\"image.default\">\n\t\t\t\t<div class=\"elementor-widget-container\">\n\t\t\t\t\t\t\t\t\t\t\t\t\t\t\t<img loading=\"lazy\" decoding=\"async\" width=\"750\" height=\"501\" src=\"https:\/\/cabinet-orthodontie-chartres.fr\/wp-content\/uploads\/2025\/05\/2385930.jpg\" class=\"attachment-large size-large wp-image-88\" alt=\"\" srcset=\"https:\/\/cabinet-orthodontie-chartres.fr\/wp-content\/uploads\/2025\/05\/2385930.jpg 800w, https:\/\/cabinet-orthodontie-chartres.fr\/wp-content\/uploads\/2025\/05\/2385930-300x200.jpg 300w, https:\/\/cabinet-orthodontie-chartres.fr\/wp-content\/uploads\/2025\/05\/2385930-768x513.jpg 768w\" sizes=\"(max-width: 750px) 100vw, 750px\" \/>\t\t\t\t\t\t\t\t\t\t\t\t\t\t\t<\/div>\n\t\t\t\t<\/div>\n\t\t\t\t<div class=\"elementor-element elementor-element-e90bc39 elementor-widget elementor-widget-text-editor\" data-id=\"e90bc39\" data-element_type=\"widget\" data-widget_type=\"text-editor.default\">\n\t\t\t\t<div class=\"elementor-widget-container\">\n\t\t\t\t\t\t\t\t\t<div class=\"elementor-element elementor-element-7a2ca6f elementor-widget elementor-widget-heading\" data-id=\"7a2ca6f\" data-element_type=\"widget\" data-widget_type=\"heading.default\">\n<div class=\"elementor-widget-container\">\n<h4 class=\"elementor-heading-title elementor-size-default\"><span style=\"color: #000000;\">Le co\u00fbt du traitement<\/span><\/h4>\n<\/div>\n<\/div>\n<div class=\"elementor-element elementor-element-918f47d elementor-widget elementor-widget-text-editor\" data-id=\"918f47d\" data-element_type=\"widget\" data-widget_type=\"text-editor.default\">\n<div class=\"elementor-widget-container\">\n<div class=\"elementor-text-editor elementor-clearfix\">\n<p><br \/>Les traitements orthodontiques sont pris en charge en partie par la S\u00e9curit\u00e9 Sociale s\u2019ils d\u00e9butent avant l\u2019\u00e2ge de 16 ans. Ils ne sont jamais rembours\u00e9s chez l\u2019adulte, sauf dans le cas d\u2019un traitement orthodontique associ\u00e9 \u00e0 un traitement chirurgical ; la S\u00e9curit\u00e9 Sociale prend, alors, en charge un semestre de traitement. En revanche, certaines mutuelles peuvent les prendre partiellement ou totalement en charge.<br \/>Le co\u00fbt global du traitement d\u00e9pend en g\u00e9n\u00e9ral de sa dur\u00e9e et de la technique utilis\u00e9e (visible ou invisible).<\/p>\n<\/div>\n<\/div>\n<\/div>\t\t\t\t\t\t\t\t<\/div>\n\t\t\t\t<\/div>\n\t\t\t\t\t<\/div>\n\t\t\t\t<\/div>\n\t\t\t\t<\/div>\n\t\t","protected":false},"excerpt":{"rendered":"<p>Le traitement pr\u00e9coce chez le jeune enfant \u00a0 Dans la plupart des cas, les traitements sont diff\u00e9r\u00e9s \u00e0 l\u2019adolescence, en l\u2019absence de dysmorphies squelettiques significatives. Mais il est important de consulter, d\u00e8s 5-6 ans, afin de s\u2019assurer que le visage et\u00a0les\u00a0m\u00e2choires de l\u2019enfant se d\u00e9veloppent favorablement.Si l\u2019enfant pr\u00e9sente un gros [&hellip;]<\/p>\n","protected":false},"author":1,"featured_media":0,"parent":0,"menu_order":0,"comment_status":"closed","ping_status":"closed","template":"","meta":{"_themeisle_gutenberg_block_has_review":false,"footnotes":""},"class_list":["post-68","page","type-page","status-publish","hentry"],"_links":{"self":[{"href":"https:\/\/cabinet-orthodontie-chartres.fr\/index.php?rest_route=\/wp\/v2\/pages\/68","targetHints":{"allow":["GET"]}}],"collection":[{"href":"https:\/\/cabinet-orthodontie-chartres.fr\/index.php?rest_route=\/wp\/v2\/pages"}],"about":[{"href":"https:\/\/cabinet-orthodontie-chartres.fr\/index.php?rest_route=\/wp\/v2\/types\/page"}],"author":[{"embeddable":true,"href":"https:\/\/cabinet-orthodontie-chartres.fr\/index.php?rest_route=\/wp\/v2\/users\/1"}],"replies":[{"embeddable":true,"href":"https:\/\/cabinet-orthodontie-chartres.fr\/index.php?rest_route=%2Fwp%2Fv2%2Fcomments&post=68"}],"version-history":[{"count":7,"href":"https:\/\/cabinet-orthodontie-chartres.fr\/index.php?rest_route=\/wp\/v2\/pages\/68\/revisions"}],"predecessor-version":[{"id":98,"href":"https:\/\/cabinet-orthodontie-chartres.fr\/index.php?rest_route=\/wp\/v2\/pages\/68\/revisions\/98"}],"wp:attachment":[{"href":"https:\/\/cabinet-orthodontie-chartres.fr\/index.php?rest_route=%2Fwp%2Fv2%2Fmedia&parent=68"}],"curies":[{"name":"wp","href":"https:\/\/api.w.org\/{rel}","templated":true}]}}